{"id":29271,"date":"2023-04-04T05:57:59","date_gmt":"2023-04-04T03:57:59","guid":{"rendered":"https:\/\/arenas-innovation.com\/?post_type=avada_portfolio&#038;p=29271"},"modified":"2024-09-23T13:17:58","modified_gmt":"2024-09-23T11:17:58","slug":"renouvellement-de-lassermentation-ville-de-neuchatel","status":"publish","type":"avada_portfolio","link":"https:\/\/arenas-innovation.com\/en\/case-study\/renouvellement-de-lassermentation-ville-de-neuchatel\/","title":{"rendered":"Renouvellement de l&rsquo;assermentation &#8211; Ville de Neuch\u00e2tel"},"content":{"rendered":"<div class=\"fusion-fullwidth fullwidth-box fusion-builder-row-1 fusion-flex-container nonhundred-percent-fullwidth non-hundred-percent-height-scrolling\" style=\"--awb-border-radius-top-left:0px;--awb-border-radius-top-right:0px;--awb-border-radius-bottom-right:0px;--awb-border-radius-bottom-left:0px;--awb-padding-right-small:0px;--awb-padding-left-small:0px;--awb-flex-wrap:wrap;\" ><div class=\"fusion-builder-row fusion-row fusion-flex-align-items-flex-start fusion-flex-justify-content-center fusion-flex-content-wrap\" style=\"max-width:1372.8px;margin-left: calc(-4% \/ 2 );margin-right: calc(-4% \/ 2 );\"><div class=\"fusion-layout-column fusion_builder_column fusion-builder-column-0 fusion_builder_column_2_3 2_3 fusion-flex-column\" style=\"--awb-bg-size:cover;--awb-width-large:66.666666666667%;--awb-margin-top-large:20px;--awb-spacing-right-large:2.88%;--awb-margin-bottom-large:20px;--awb-spacing-left-large:2.88%;--awb-width-medium:83.333333333333%;--awb-order-medium:0;--awb-spacing-right-medium:2.304%;--awb-spacing-left-medium:2.304%;--awb-width-small:100%;--awb-order-small:0;--awb-margin-top-small:0px;--awb-spacing-right-small:1.92%;--awb-spacing-left-small:1.92%;\"><div class=\"fusion-column-wrapper fusion-column-has-shadow fusion-flex-justify-content-flex-start fusion-content-layout-column\"><div class=\"fusion-title title fusion-title-1 fusion-sep-none fusion-title-text fusion-title-size-two\" style=\"--awb-margin-bottom:20px;--awb-margin-top-small:12px;--awb-margin-right-small:0px;--awb-margin-bottom-small:24px;--awb-margin-left-small:0px;\"><h2 class=\"fusion-title-heading title-heading-left fusion-responsive-typography-calculated\" style=\"margin:0;--fontSize:48;line-height:var(--awb-typography1-line-height);\">Our mission<\/h2><\/div><div class=\"fusion-text fusion-text-1\" style=\"--awb-content-alignment:left;\"><p>Restauration et actualisation de l&rsquo;assermentation, ses r\u00e9f\u00e9rences, son texte de base et sa proclamation, avec sensibilisation en ateliers de formation, renouvel\u00e9e devant l&rsquo;autorit\u00e9 Municipale pour l&rsquo;ensemble du personnel SPS- NE<\/p>\n<\/div><div class=\"fusion-separator fusion-full-width-sep\" style=\"align-self: center;margin-left: auto;margin-right: auto;margin-bottom:24px;width:100%;\"><\/div><div class=\"fusion-title title fusion-title-2 fusion-sep-none fusion-title-text fusion-title-size-three\" style=\"--awb-margin-top:48px;--awb-margin-bottom:20px;--awb-margin-top-small:48px;--awb-margin-right-small:0px;--awb-margin-bottom-small:24px;--awb-margin-left-small:0px;\"><h3 class=\"fusion-title-heading title-heading-left fusion-responsive-typography-calculated\" style=\"margin:0;--fontSize:36;line-height:var(--awb-typography1-line-height);\">L&rsquo;assermentation &#8211; proclamation<\/h3><\/div><div class=\"fusion-text fusion-text-2\" style=\"--awb-content-alignment:left;\"><p>\u00ab\u00a0Fortes et forts de votre fonction, de votre habilit\u00e9, de votre posture, vous vous d\u00e9ployez sur le territoire public de notre Commune et du Canton.<\/p>\n<p>Chacune et chacun d\u2019entre vous disposez d\u2019un pouvoir de coercition et d\u2019un moyen discr\u00e9tionnaire exceptionnels\u00a0; vous autorisant \u00e0 limiter\u00a0les droits de nos citoyennes et concitoyens, parfois m\u00eame \u00e0 les sanctionner.<\/p>\n<p>Vous \u00eates, ainsi, les repr\u00e9sentantes et repr\u00e9sentants embl\u00e9matiques de nos valeurs fondamentales, d\u00e9crites dans nos Constitutions f\u00e9d\u00e9rale et cantonale et reprises par le statut du personnel communal, telles que la dignit\u00e9 humaine, l\u2019\u00e9galit\u00e9, la non-discrimination et la protection des libert\u00e9s. Vous les d\u00e9fendez et les respectez, jour apr\u00e8s jour.<\/p>\n<p>C\u2019est pourquoi, les autorit\u00e9s \u00e9lues ici pr\u00e9sentes\u00a0vous convient \u00e0 pr\u00eater serment, devant la soci\u00e9t\u00e9, votre famille et vos pairs.<\/p>\n<p>Vous vous engagez, en ce jour solennel, \u00e0 promettre ou \u00e0 jurer, de servir et prot\u00e9ger tout un chacun, quelque-soit son statut, sans distinction aucune, sous le regard hi\u00e9rarchique de nos Constitutions et dans le respect fondamental des Droits humains, de nos lois et de nos r\u00e8glements.<\/p>\n<p>Le pouvoir qui vous est d\u00e9sormais conf\u00e9r\u00e9, aujourd\u2019hui, est celui d\u2019un engagement commun et collectif que nous portons toutes et tous. Un engagement que nous forgeons, les autorit\u00e9s pr\u00e9sentes, vous et nos invit\u00e9s, en qualit\u00e9 de t\u00e9moins.\u00a0\u00bb<\/p>\n<\/div><div class=\"fusion-separator fusion-full-width-sep\" style=\"align-self: center;margin-left: auto;margin-right: auto;margin-bottom:24px;width:100%;\"><\/div><div class=\"fusion-title title fusion-title-3 fusion-sep-none fusion-title-text fusion-title-size-three\" style=\"--awb-margin-top:48px;--awb-margin-bottom:20px;--awb-margin-top-small:48px;--awb-margin-right-small:0px;--awb-margin-bottom-small:24px;--awb-margin-left-small:0px;\"><h3 class=\"fusion-title-heading title-heading-left fusion-responsive-typography-calculated\" style=\"margin:0;--fontSize:36;line-height:var(--awb-typography1-line-height);\">Discours de Monsieur Didier Boillat &#8211; membre de l&rsquo;ex\u00e9cutif de la ville de Neuch\u00e2tel<\/h3><\/div><div class=\"fusion-text fusion-text-3\" style=\"--awb-content-alignment:left;\"><p>\u00ab\u00a0Une assermentation est toujours un moment important. Ce serment est le r\u00e9f\u00e9rentiel fondamental des valeurs de notre Commune et de l\u2019\u00c9tat ; le contour et les d\u00e9limitations de votre action quotidienne\u2026 comme une boussole vous permettant de vous orienter dans l\u2019accomplissement de vos missions. C\u2019est l\u2019orientation qui vous est donn\u00e9e par votre employeur dans la mise en \u0153uvre de ses politiques publiques. En pr\u00eatant serment vous prenez un engagement : celui de faire usage d\u2019une libert\u00e9 dont le cadre est compos\u00e9 des valeurs fondamentales de notre d\u00e9mocratie. C\u2019est une grande responsabilit\u00e9, tout autant grande que la confiance que nous vous accordons.<\/p>\n<p>Vous avez souhait\u00e9 travailler sur le sens de la libert\u00e9 qui vous est accord\u00e9e, dans le cadre des r\u00e9flexions li\u00e9es au Processus discr\u00e9tionnaire \u00e0 l\u2019\u0153uvre dans vos services depuis mai 2021. Cette\u00a0nouvelle formule d\u2019assermentation est ainsi n\u00e9e du d\u00e9sir du personnel des diff\u00e9rentes entit\u00e9s qui composent le SPS. Vous d\u00e9siriez cette expression du changement, la voici\u00a0!<\/p>\n<p>Cette assermentation actualis\u00e9e est aussi le reflet des valeurs de la soci\u00e9t\u00e9 neuch\u00e2teloise au service de laquelle vous agissez\u00a0:<\/p>\n<ul>\n<li>Neuch\u00e2tel est une terre d\u2019accueil et d\u2019int\u00e9gration<\/li>\n<li>Neuch\u00e2tel a \u00e9t\u00e9 pionnier dans les droits politiques des personnes \u00e9trang\u00e8res<\/li>\n<li>Votre employeur s\u2019engage pour une soci\u00e9t\u00e9 inclusive, \u00e9galitaire et multiculturelle<\/li>\n<\/ul>\n<p>Vous \u00eates d\u00e9j\u00e0 asserment\u00e9s mais, avec ce texte r\u00e9f\u00e9rentiel, nous sommes fiers et honor\u00e9s de renouveler votre engagement, de confirmer notre confiance. Pour terminer, n\u2019oubliez pas que votre assermentation et un acte consenti. Elle est le symbole fort de votre volont\u00e9 d\u2019agir dans le cadre qui vous est donn\u00e9, de faire usage de votre marge de man\u0153uvre en respectant les valeurs d\u00e9fendues par nos lois et r\u00e8glements ainsi que par votre employeur. Elle t\u00e9moigne \u00e9galement de la confiance que nous avons en vous.\u00a0\u00bb<\/p>\n<\/div><\/div><\/div><\/div><\/div>","protected":false},"excerpt":{"rendered":"","protected":false},"author":4,"featured_media":30314,"menu_order":0,"comment_status":"open","ping_status":"closed","template":"","format":"standard","meta":{"footnotes":""},"portfolio_category":[26,13],"portfolio_skills":[],"portfolio_tags":[],"class_list":["post-29271","avada_portfolio","type-avada_portfolio","status-publish","format-standard","has-post-thumbnail","hentry","portfolio_category-accompagner","portfolio_category-references"],"yoast_head":"<!-- This site is optimized with the Yoast SEO plugin v27.4 - https:\/\/yoast.com\/product\/yoast-seo-wordpress\/ -->\n<title>Renouvellement de l&#039;assermentation - Ville de Neuch\u00e2tel | Arenas Innovation &amp; Consulting<\/title>\n<meta name=\"description\" content=\"Restauration et actualisation de l&#039;assermentation, ses r\u00e9f\u00e9rences, son texte de base et sa proclamation, avec sensibilisation en ateliers de formation, renouvel\u00e9e devant l&#039;autorit\u00e9 Municipale pour l&#039;ensemble du personnel SPS- NE.\" \/>\n<meta name=\"robots\" content=\"index, follow, max-snippet:-1, max-image-preview:large, max-video-preview:-1\" \/>\n<link rel=\"canonical\" href=\"https:\/\/arenas-innovation.com\/en\/case-study\/renouvellement-de-lassermentation-ville-de-neuchatel\/\" \/>\n<meta property=\"og:locale\" content=\"en_US\" \/>\n<meta property=\"og:type\" content=\"article\" \/>\n<meta property=\"og:title\" content=\"Renouvellement de l&#039;assermentation - Ville de Neuch\u00e2tel | Arenas Innovation &amp; Consulting\" \/>\n<meta property=\"og:description\" content=\"Restauration et actualisation de l&#039;assermentation, ses r\u00e9f\u00e9rences, son texte de base et sa proclamation, avec sensibilisation en ateliers de formation, renouvel\u00e9e devant l&#039;autorit\u00e9 Municipale pour l&#039;ensemble du personnel SPS- NE.\" \/>\n<meta property=\"og:url\" content=\"https:\/\/arenas-innovation.com\/en\/case-study\/renouvellement-de-lassermentation-ville-de-neuchatel\/\" \/>\n<meta property=\"og:site_name\" content=\"Arenas Innovation &amp; Consulting\" \/>\n<meta property=\"article:modified_time\" content=\"2024-09-23T11:17:58+00:00\" \/>\n<meta property=\"og:image\" content=\"https:\/\/arenas-innovation.com\/wp-content\/uploads\/2023\/04\/G7R07900-scaled-e1727090271233.jpg\" \/>\n\t<meta property=\"og:image:width\" content=\"1199\" \/>\n\t<meta property=\"og:image:height\" content=\"1347\" \/>\n\t<meta property=\"og:image:type\" content=\"image\/jpeg\" \/>\n<meta name=\"twitter:card\" content=\"summary_large_image\" \/>\n<meta name=\"twitter:label1\" content=\"Est. reading time\" \/>\n\t<meta name=\"twitter:data1\" content=\"3 minutes\" \/>\n<script type=\"application\/ld+json\" class=\"yoast-schema-graph\">{\"@context\":\"https:\\\/\\\/schema.org\",\"@graph\":[{\"@type\":\"WebPage\",\"@id\":\"https:\\\/\\\/arenas-innovation.com\\\/case-study\\\/renouvellement-de-lassermentation-ville-de-neuchatel\\\/\",\"url\":\"https:\\\/\\\/arenas-innovation.com\\\/case-study\\\/renouvellement-de-lassermentation-ville-de-neuchatel\\\/\",\"name\":\"Renouvellement de l'assermentation - Ville de Neuch\u00e2tel | Arenas Innovation &amp; Consulting\",\"isPartOf\":{\"@id\":\"https:\\\/\\\/arenas-innovation.com\\\/#website\"},\"primaryImageOfPage\":{\"@id\":\"https:\\\/\\\/arenas-innovation.com\\\/case-study\\\/renouvellement-de-lassermentation-ville-de-neuchatel\\\/#primaryimage\"},\"image\":{\"@id\":\"https:\\\/\\\/arenas-innovation.com\\\/case-study\\\/renouvellement-de-lassermentation-ville-de-neuchatel\\\/#primaryimage\"},\"thumbnailUrl\":\"https:\\\/\\\/arenas-innovation.com\\\/wp-content\\\/uploads\\\/2023\\\/04\\\/G7R07900-scaled-e1727090271233.jpg\",\"datePublished\":\"2023-04-04T03:57:59+00:00\",\"dateModified\":\"2024-09-23T11:17:58+00:00\",\"description\":\"Restauration et actualisation de l'assermentation, ses r\u00e9f\u00e9rences, son texte de base et sa proclamation, avec sensibilisation en ateliers de formation, renouvel\u00e9e devant l'autorit\u00e9 Municipale pour l'ensemble du personnel SPS- NE.\",\"breadcrumb\":{\"@id\":\"https:\\\/\\\/arenas-innovation.com\\\/case-study\\\/renouvellement-de-lassermentation-ville-de-neuchatel\\\/#breadcrumb\"},\"inLanguage\":\"en-US\",\"potentialAction\":[{\"@type\":\"ReadAction\",\"target\":[\"https:\\\/\\\/arenas-innovation.com\\\/case-study\\\/renouvellement-de-lassermentation-ville-de-neuchatel\\\/\"]}]},{\"@type\":\"ImageObject\",\"inLanguage\":\"en-US\",\"@id\":\"https:\\\/\\\/arenas-innovation.com\\\/case-study\\\/renouvellement-de-lassermentation-ville-de-neuchatel\\\/#primaryimage\",\"url\":\"https:\\\/\\\/arenas-innovation.com\\\/wp-content\\\/uploads\\\/2023\\\/04\\\/G7R07900-scaled-e1727090271233.jpg\",\"contentUrl\":\"https:\\\/\\\/arenas-innovation.com\\\/wp-content\\\/uploads\\\/2023\\\/04\\\/G7R07900-scaled-e1727090271233.jpg\",\"width\":1199,\"height\":1347},{\"@type\":\"BreadcrumbList\",\"@id\":\"https:\\\/\\\/arenas-innovation.com\\\/case-study\\\/renouvellement-de-lassermentation-ville-de-neuchatel\\\/#breadcrumb\",\"itemListElement\":[{\"@type\":\"ListItem\",\"position\":1,\"name\":\"Accueil\",\"item\":\"https:\\\/\\\/arenas-innovation.com\\\/\"},{\"@type\":\"ListItem\",\"position\":2,\"name\":\"Portfolio\",\"item\":\"https:\\\/\\\/arenas-innovation.com\\\/case-study\\\/\"},{\"@type\":\"ListItem\",\"position\":3,\"name\":\"Renouvellement de l&rsquo;assermentation &#8211; Ville de Neuch\u00e2tel\"}]},{\"@type\":\"WebSite\",\"@id\":\"https:\\\/\\\/arenas-innovation.com\\\/#website\",\"url\":\"https:\\\/\\\/arenas-innovation.com\\\/\",\"name\":\"Arenas Innovation & Consulting\",\"description\":\"Transformez vos pratiques manag\u00e9riales\",\"publisher\":{\"@id\":\"https:\\\/\\\/arenas-innovation.com\\\/#organization\"},\"potentialAction\":[{\"@type\":\"SearchAction\",\"target\":{\"@type\":\"EntryPoint\",\"urlTemplate\":\"https:\\\/\\\/arenas-innovation.com\\\/?s={search_term_string}\"},\"query-input\":{\"@type\":\"PropertyValueSpecification\",\"valueRequired\":true,\"valueName\":\"search_term_string\"}}],\"inLanguage\":\"en-US\"},{\"@type\":\"Organization\",\"@id\":\"https:\\\/\\\/arenas-innovation.com\\\/#organization\",\"name\":\"Arenas Innovation & Consulting\",\"url\":\"https:\\\/\\\/arenas-innovation.com\\\/\",\"logo\":{\"@type\":\"ImageObject\",\"inLanguage\":\"en-US\",\"@id\":\"https:\\\/\\\/arenas-innovation.com\\\/#\\\/schema\\\/logo\\\/image\\\/\",\"url\":\"https:\\\/\\\/arenas-innovation.com\\\/wp-content\\\/uploads\\\/2022\\\/11\\\/K-Arenas-logo-site-web-420-x-120-px.png\",\"contentUrl\":\"https:\\\/\\\/arenas-innovation.com\\\/wp-content\\\/uploads\\\/2022\\\/11\\\/K-Arenas-logo-site-web-420-x-120-px.png\",\"width\":420,\"height\":100,\"caption\":\"Arenas Innovation & Consulting\"},\"image\":{\"@id\":\"https:\\\/\\\/arenas-innovation.com\\\/#\\\/schema\\\/logo\\\/image\\\/\"}}]}<\/script>\n<!-- \/ Yoast SEO plugin. -->","yoast_head_json":{"title":"Renouvellement de l'assermentation - Ville de Neuch\u00e2tel | Arenas Innovation &amp; Consulting","description":"Restauration et actualisation de l'assermentation, ses r\u00e9f\u00e9rences, son texte de base et sa proclamation, avec sensibilisation en ateliers de formation, renouvel\u00e9e devant l'autorit\u00e9 Municipale pour l'ensemble du personnel SPS- NE.","robots":{"index":"index","follow":"follow","max-snippet":"max-snippet:-1","max-image-preview":"max-image-preview:large","max-video-preview":"max-video-preview:-1"},"canonical":"https:\/\/arenas-innovation.com\/en\/case-study\/renouvellement-de-lassermentation-ville-de-neuchatel\/","og_locale":"en_US","og_type":"article","og_title":"Renouvellement de l'assermentation - Ville de Neuch\u00e2tel | Arenas Innovation &amp; Consulting","og_description":"Restauration et actualisation de l'assermentation, ses r\u00e9f\u00e9rences, son texte de base et sa proclamation, avec sensibilisation en ateliers de formation, renouvel\u00e9e devant l'autorit\u00e9 Municipale pour l'ensemble du personnel SPS- NE.","og_url":"https:\/\/arenas-innovation.com\/en\/case-study\/renouvellement-de-lassermentation-ville-de-neuchatel\/","og_site_name":"Arenas Innovation &amp; Consulting","article_modified_time":"2024-09-23T11:17:58+00:00","og_image":[{"width":1199,"height":1347,"url":"https:\/\/arenas-innovation.com\/wp-content\/uploads\/2023\/04\/G7R07900-scaled-e1727090271233.jpg","type":"image\/jpeg"}],"twitter_card":"summary_large_image","twitter_misc":{"Est. reading time":"3 minutes"},"schema":{"@context":"https:\/\/schema.org","@graph":[{"@type":"WebPage","@id":"https:\/\/arenas-innovation.com\/case-study\/renouvellement-de-lassermentation-ville-de-neuchatel\/","url":"https:\/\/arenas-innovation.com\/case-study\/renouvellement-de-lassermentation-ville-de-neuchatel\/","name":"Renouvellement de l'assermentation - Ville de Neuch\u00e2tel | Arenas Innovation &amp; Consulting","isPartOf":{"@id":"https:\/\/arenas-innovation.com\/#website"},"primaryImageOfPage":{"@id":"https:\/\/arenas-innovation.com\/case-study\/renouvellement-de-lassermentation-ville-de-neuchatel\/#primaryimage"},"image":{"@id":"https:\/\/arenas-innovation.com\/case-study\/renouvellement-de-lassermentation-ville-de-neuchatel\/#primaryimage"},"thumbnailUrl":"https:\/\/arenas-innovation.com\/wp-content\/uploads\/2023\/04\/G7R07900-scaled-e1727090271233.jpg","datePublished":"2023-04-04T03:57:59+00:00","dateModified":"2024-09-23T11:17:58+00:00","description":"Restauration et actualisation de l'assermentation, ses r\u00e9f\u00e9rences, son texte de base et sa proclamation, avec sensibilisation en ateliers de formation, renouvel\u00e9e devant l'autorit\u00e9 Municipale pour l'ensemble du personnel SPS- NE.","breadcrumb":{"@id":"https:\/\/arenas-innovation.com\/case-study\/renouvellement-de-lassermentation-ville-de-neuchatel\/#breadcrumb"},"inLanguage":"en-US","potentialAction":[{"@type":"ReadAction","target":["https:\/\/arenas-innovation.com\/case-study\/renouvellement-de-lassermentation-ville-de-neuchatel\/"]}]},{"@type":"ImageObject","inLanguage":"en-US","@id":"https:\/\/arenas-innovation.com\/case-study\/renouvellement-de-lassermentation-ville-de-neuchatel\/#primaryimage","url":"https:\/\/arenas-innovation.com\/wp-content\/uploads\/2023\/04\/G7R07900-scaled-e1727090271233.jpg","contentUrl":"https:\/\/arenas-innovation.com\/wp-content\/uploads\/2023\/04\/G7R07900-scaled-e1727090271233.jpg","width":1199,"height":1347},{"@type":"BreadcrumbList","@id":"https:\/\/arenas-innovation.com\/case-study\/renouvellement-de-lassermentation-ville-de-neuchatel\/#breadcrumb","itemListElement":[{"@type":"ListItem","position":1,"name":"Accueil","item":"https:\/\/arenas-innovation.com\/"},{"@type":"ListItem","position":2,"name":"Portfolio","item":"https:\/\/arenas-innovation.com\/case-study\/"},{"@type":"ListItem","position":3,"name":"Renouvellement de l&rsquo;assermentation &#8211; Ville de Neuch\u00e2tel"}]},{"@type":"WebSite","@id":"https:\/\/arenas-innovation.com\/#website","url":"https:\/\/arenas-innovation.com\/","name":"Arenas Innovation &amp; Consulting","description":"Transform your management practices","publisher":{"@id":"https:\/\/arenas-innovation.com\/#organization"},"potentialAction":[{"@type":"SearchAction","target":{"@type":"EntryPoint","urlTemplate":"https:\/\/arenas-innovation.com\/?s={search_term_string}"},"query-input":{"@type":"PropertyValueSpecification","valueRequired":true,"valueName":"search_term_string"}}],"inLanguage":"en-US"},{"@type":"Organization","@id":"https:\/\/arenas-innovation.com\/#organization","name":"Arenas Innovation &amp; Consulting","url":"https:\/\/arenas-innovation.com\/","logo":{"@type":"ImageObject","inLanguage":"en-US","@id":"https:\/\/arenas-innovation.com\/#\/schema\/logo\/image\/","url":"https:\/\/arenas-innovation.com\/wp-content\/uploads\/2022\/11\/K-Arenas-logo-site-web-420-x-120-px.png","contentUrl":"https:\/\/arenas-innovation.com\/wp-content\/uploads\/2022\/11\/K-Arenas-logo-site-web-420-x-120-px.png","width":420,"height":100,"caption":"Arenas Innovation & Consulting"},"image":{"@id":"https:\/\/arenas-innovation.com\/#\/schema\/logo\/image\/"}}]}},"_links":{"self":[{"href":"https:\/\/arenas-innovation.com\/en\/wp-json\/wp\/v2\/avada_portfolio\/29271","targetHints":{"allow":["GET"]}}],"collection":[{"href":"https:\/\/arenas-innovation.com\/en\/wp-json\/wp\/v2\/avada_portfolio"}],"about":[{"href":"https:\/\/arenas-innovation.com\/en\/wp-json\/wp\/v2\/types\/avada_portfolio"}],"author":[{"embeddable":true,"href":"https:\/\/arenas-innovation.com\/en\/wp-json\/wp\/v2\/users\/4"}],"replies":[{"embeddable":true,"href":"https:\/\/arenas-innovation.com\/en\/wp-json\/wp\/v2\/comments?post=29271"}],"version-history":[{"count":9,"href":"https:\/\/arenas-innovation.com\/en\/wp-json\/wp\/v2\/avada_portfolio\/29271\/revisions"}],"predecessor-version":[{"id":30313,"href":"https:\/\/arenas-innovation.com\/en\/wp-json\/wp\/v2\/avada_portfolio\/29271\/revisions\/30313"}],"wp:featuredmedia":[{"embeddable":true,"href":"https:\/\/arenas-innovation.com\/en\/wp-json\/wp\/v2\/media\/30314"}],"wp:attachment":[{"href":"https:\/\/arenas-innovation.com\/en\/wp-json\/wp\/v2\/media?parent=29271"}],"wp:term":[{"taxonomy":"portfolio_category","embeddable":true,"href":"https:\/\/arenas-innovation.com\/en\/wp-json\/wp\/v2\/portfolio_category?post=29271"},{"taxonomy":"portfolio_skills","embeddable":true,"href":"https:\/\/arenas-innovation.com\/en\/wp-json\/wp\/v2\/portfolio_skills?post=29271"},{"taxonomy":"portfolio_tags","embeddable":true,"href":"https:\/\/arenas-innovation.com\/en\/wp-json\/wp\/v2\/portfolio_tags?post=29271"}],"curies":[{"name":"wp","href":"https:\/\/api.w.org\/{rel}","templated":true}]}}